{"id":151,"date":"2023-09-19T15:52:22","date_gmt":"2023-09-19T13:52:22","guid":{"rendered":"https:\/\/xn--archoskol-e4a.fr\/?page_id=151"},"modified":"2023-09-29T17:59:07","modified_gmt":"2023-09-29T15:59:07","slug":"ateliers-proposes","status":"publish","type":"page","link":"https:\/\/xn--archoskol-e4a.fr\/index.php\/ateliers-proposes\/","title":{"rendered":"Ateliers propos\u00e9s"},"content":{"rendered":"\n<p class=\"has-coffee-color has-text-color has-content-heading-font-size\"><strong>Objectifs p\u00e9dagogiques :<\/strong><\/p>\n\n\n\n<p class=\"has-luminous-vivid-orange-color has-text-color\">&nbsp;&nbsp;&nbsp;&nbsp;&nbsp;&nbsp;&nbsp;&nbsp;&nbsp;&nbsp;&nbsp;&nbsp;&nbsp;&nbsp;&nbsp;&nbsp;&nbsp;&nbsp;&nbsp;&nbsp;&nbsp;&nbsp;&nbsp;&nbsp;&nbsp;&nbsp;&nbsp;&nbsp;&nbsp;&nbsp;&nbsp;&nbsp;&nbsp;&nbsp;&nbsp;&nbsp;&nbsp;&nbsp;&nbsp;&nbsp;&nbsp;&nbsp;&nbsp;&nbsp;&nbsp;&nbsp;&nbsp;&nbsp;&nbsp;&nbsp;&nbsp;&nbsp;&nbsp;&nbsp;&nbsp;&nbsp;&nbsp;&nbsp; &nbsp;&#8211; d\u00e9couvrir la Pr\u00e9histoire, l\u2019Antiquit\u00e9 ou le Moyen \u00c2ge par le biais de l\u2019arch\u00e9ologie<\/p>\n\n\n\n<p class=\"has-luminous-vivid-orange-color has-text-color\">&nbsp;&nbsp;&nbsp;&nbsp;&nbsp;&nbsp;&nbsp;&nbsp;&nbsp;&nbsp;&nbsp;&nbsp;&nbsp;&nbsp;&nbsp;&nbsp;&nbsp;&nbsp;&nbsp;&nbsp;&nbsp;&nbsp;&nbsp;&nbsp;&nbsp;&nbsp;&nbsp;&nbsp;&nbsp;&nbsp;&nbsp;&nbsp;&nbsp;&nbsp;&nbsp;&nbsp;&nbsp;&nbsp;&nbsp;&nbsp;&nbsp;&nbsp;&nbsp;&nbsp;&nbsp;&nbsp;&nbsp;&nbsp;&nbsp;&nbsp;&nbsp;&nbsp;&nbsp;&nbsp;&nbsp;&nbsp;&nbsp;&nbsp; &nbsp;&#8211; d\u00e9velopper la curiosit\u00e9, l\u2019envie de d\u00e9couvrir, de chercher<\/p>\n\n\n\n<p class=\"has-luminous-vivid-orange-color has-text-color\">&nbsp;&nbsp;&nbsp;&nbsp;&nbsp;&nbsp;&nbsp;&nbsp;&nbsp;&nbsp;&nbsp;&nbsp;&nbsp;&nbsp;&nbsp;&nbsp;&nbsp;&nbsp;&nbsp;&nbsp;&nbsp;&nbsp;&nbsp;&nbsp;&nbsp;&nbsp;&nbsp;&nbsp;&nbsp;&nbsp;&nbsp;&nbsp;&nbsp;&nbsp;&nbsp;&nbsp;&nbsp;&nbsp;&nbsp;&nbsp;&nbsp;&nbsp;&nbsp;&nbsp;&nbsp;&nbsp;&nbsp;&nbsp;&nbsp;&nbsp;&nbsp;&nbsp;&nbsp;&nbsp;&nbsp;&nbsp;&nbsp;&nbsp; &nbsp;&#8211; d\u00e9velopper l\u2019esprit d\u2019observation, d\u2019analyse et de d\u00e9duction<\/p>\n\n\n\n<p class=\"has-luminous-vivid-orange-color has-text-color\">&nbsp;&nbsp;&nbsp;&nbsp;&nbsp;&nbsp;&nbsp;&nbsp;&nbsp;&nbsp;&nbsp;&nbsp;&nbsp;&nbsp;&nbsp;&nbsp;&nbsp;&nbsp;&nbsp;&nbsp;&nbsp;&nbsp;&nbsp;&nbsp;&nbsp;&nbsp;&nbsp;&nbsp;&nbsp;&nbsp;&nbsp;&nbsp;&nbsp;&nbsp;&nbsp;&nbsp;&nbsp;&nbsp;&nbsp;&nbsp;&nbsp;&nbsp;&nbsp;&nbsp;&nbsp;&nbsp;&nbsp;&nbsp;&nbsp;&nbsp;&nbsp;&nbsp;&nbsp;&nbsp;&nbsp;&nbsp;&nbsp;&nbsp; &nbsp;&#8211; savoir travailler en \u00e9quipe, avoir confiance en soi et \u00eatre autonome<\/p>\n\n\n\n<p class=\"has-luminous-vivid-orange-color has-text-color\">&nbsp;&nbsp;&nbsp;&nbsp;&nbsp;&nbsp;&nbsp;&nbsp;&nbsp;&nbsp;&nbsp;&nbsp;&nbsp;&nbsp;&nbsp;&nbsp;&nbsp;&nbsp;&nbsp;&nbsp;&nbsp;&nbsp;&nbsp;&nbsp;&nbsp;&nbsp;&nbsp;&nbsp;&nbsp;&nbsp;&nbsp;&nbsp;&nbsp;&nbsp;&nbsp;&nbsp;&nbsp;&nbsp;&nbsp;&nbsp;&nbsp;&nbsp;&nbsp;&nbsp;&nbsp;&nbsp;&nbsp;&nbsp;&nbsp;&nbsp;&nbsp;&nbsp;&nbsp;&nbsp;&nbsp;&nbsp;&nbsp;&nbsp; &nbsp;&#8211; sensibiliser sur la richesse et la fragilit\u00e9 de notre patrimoine<\/p>\n\n\n\n<p class=\"has-luminous-vivid-orange-color has-text-color\">&nbsp;&nbsp;&nbsp;&nbsp;&nbsp;&nbsp;&nbsp;&nbsp;&nbsp;&nbsp;&nbsp;&nbsp;&nbsp;&nbsp;&nbsp;&nbsp;&nbsp;&nbsp;&nbsp;&nbsp;&nbsp;&nbsp;&nbsp;&nbsp;&nbsp;&nbsp;&nbsp;&nbsp;&nbsp;&nbsp;&nbsp;&nbsp;&nbsp;&nbsp;&nbsp;&nbsp;&nbsp;&nbsp;&nbsp;&nbsp;&nbsp;&nbsp;&nbsp;&nbsp;&nbsp;&nbsp;&nbsp;&nbsp;&nbsp;&nbsp;&nbsp;&nbsp;&nbsp;&nbsp;&nbsp;&nbsp;&nbsp;&nbsp; &nbsp;&#8211; sensibiliser sur la fragilit\u00e9 de notre environnement<\/p>\n\n\n\n<h2 class=\"wp-block-heading has-text-align-center has-luminous-vivid-orange-color has-text-color has-content-heading-font-size\">&#8212;&#8212;&#8212;&#8212;&#8212;&#8212;&#8211;<\/h2>\n\n\n\n<figure class=\"wp-block-image aligncenter size-full\"><img decoding=\"async\" width=\"147\" height=\"148\" src=\"https:\/\/xn--archoskol-e4a.fr\/wp-content\/uploads\/2023\/09\/Petit-Menhir-04.png\" alt=\"\" class=\"wp-image-47\"\/><\/figure>\n\n\n\n<h2 class=\"wp-block-heading has-text-align-center has-coffee-color has-text-color\" style=\"font-size:25px\"><strong>Atelier \u00ab\u00a0arch\u00e9ologie de la Pr\u00e9histoire\u00a0\u00bb : dur\u00e9e : 2h30 \/ 3h00 &#8211; \u00e0 partir du CE1, coll\u00e8ge<\/strong><\/h2>\n\n\n\n<p class=\"has-text-align-center has-luminous-vivid-orange-color has-text-color\">Cet atelier permet d\u2019expliquer ce qu&rsquo;est l&rsquo;arch\u00e9ologie. Pour cela, les enfants sont plac\u00e9s dans des conditions \u00ab\u00a0r\u00e9elles\u00a0\u00bb de fouille et jouent les apprentis arch\u00e9ologues ! Les grandes notions de la Pr\u00e9histoire et du d\u00e9but de l&rsquo;Histoire sont \u00e9galement abord\u00e9es (nomadisme, chasse, maitrise du feu, s\u00e9dentarisation, agriculture, \u00e9levage, poterie, naissance de l&rsquo;\u00e9criture et de la m\u00e9tallurgie&#8230;). Un dossier p\u00e9dagogique individuel permet aux \u00e9l\u00e8ves de collecter les\u00a0informations donn\u00e9es.<\/p>\n\n\n\n<p class=\"has-text-align-center has-luminous-vivid-orange-color has-text-color\">Apr\u00e8s une introduction en classe agr\u00e9ment\u00e9e d&rsquo;un diaporama, les \u00e9l\u00e8ves se r\u00e9partissent autour de 5 \u00ab&nbsp;zones de fouille&nbsp;\u00bb repr\u00e9sentant chacune une p\u00e9riode pr\u00e9cise de l\u2019histoire de l\u2019Homme (2 X Pal\u00e9olithique, N\u00e9olithique, \u00c2ges des m\u00e9taux, Antiquit\u00e9). Arm\u00e9s de pinceaux, ils d\u00e9gagent minutieusement de nombreux objets enfouis dans le sable. Un enfant motiv\u00e9 n&rsquo;est pas un enfant qui cherche mais un enfant qui trouve !<\/p>\n\n\n\n<p class=\"has-text-align-center has-luminous-vivid-orange-color has-text-color\">Apr\u00e8s avoir observ\u00e9 des moulages de cr\u00e2nes d&rsquo;hominid\u00e9s (Touma\u00ef, Lucy, Homo habilis, Homo erectus, Homo neanderthalensis, Homo sapiens), les d\u00e9couvertes sont expliqu\u00e9es et les objets analys\u00e9s. Les \u00e9l\u00e8ves terminent par la r\u00e9alisation d&rsquo;un relev\u00e9 des zones de fouille.<\/p>\n\n\n\n<figure class=\"wp-block-image aligncenter size-large\"><img fetchpriority=\"high\" decoding=\"async\" width=\"1024\" height=\"161\" src=\"https:\/\/xn--archoskol-e4a.fr\/wp-content\/uploads\/2023\/09\/Moulages-cranes-1-1024x161.jpg\" alt=\"\" class=\"wp-image-302\" srcset=\"https:\/\/xn--archoskol-e4a.fr\/wp-content\/uploads\/2023\/09\/Moulages-cranes-1-1024x161.jpg 1024w, https:\/\/xn--archoskol-e4a.fr\/wp-content\/uploads\/2023\/09\/Moulages-cranes-1-300x47.jpg 300w, https:\/\/xn--archoskol-e4a.fr\/wp-content\/uploads\/2023\/09\/Moulages-cranes-1-768x121.jpg 768w, https:\/\/xn--archoskol-e4a.fr\/wp-content\/uploads\/2023\/09\/Moulages-cranes-1-1536x242.jpg 1536w, https:\/\/xn--archoskol-e4a.fr\/wp-content\/uploads\/2023\/09\/Moulages-cranes-1-2048x322.jpg 2048w\" sizes=\"(max-width: 1024px) 100vw, 1024px\" \/><\/figure>\n\n\n\n<p class=\"has-text-align-center has-luminous-vivid-orange-color has-text-color\">Le mobilier arch\u00e9ologique mis au jour par les \u00e9l\u00e8ves sert de mallette p\u00e9dagogique et est caract\u00e9ristique des 4 p\u00e9riodes \u00ab&nbsp;fouill\u00e9es&nbsp;\u00bb.&nbsp;                                        <strong>Il est pour l\u2019essentiel constitu\u00e9 de v\u00e9ritables pi\u00e8ces arch\u00e9ologiques et ethnographiques<\/strong>.<\/p>\n\n\n\n<figure class=\"wp-block-image aligncenter size-large is-resized\"><img decoding=\"async\" src=\"https:\/\/xn--archoskol-e4a.fr\/wp-content\/uploads\/2023\/09\/Objets-archeologiques-1024x69.jpg\" alt=\"\" class=\"wp-image-303\" style=\"width:1034px;height:70px\" width=\"1034\" height=\"70\" srcset=\"https:\/\/xn--archoskol-e4a.fr\/wp-content\/uploads\/2023\/09\/Objets-archeologiques-1024x69.jpg 1024w, https:\/\/xn--archoskol-e4a.fr\/wp-content\/uploads\/2023\/09\/Objets-archeologiques-300x20.jpg 300w, https:\/\/xn--archoskol-e4a.fr\/wp-content\/uploads\/2023\/09\/Objets-archeologiques-768x52.jpg 768w, https:\/\/xn--archoskol-e4a.fr\/wp-content\/uploads\/2023\/09\/Objets-archeologiques-1536x104.jpg 1536w, https:\/\/xn--archoskol-e4a.fr\/wp-content\/uploads\/2023\/09\/Objets-archeologiques-2048x139.jpg 2048w\" sizes=\"(max-width: 1034px) 100vw, 1034px\" \/><\/figure>\n\n\n\n<h2 class=\"wp-block-heading has-text-align-center has-luminous-vivid-orange-color has-text-color has-content-heading-font-size\">&#8212;&#8212;&#8212;&#8212;&#8212;&#8212;&#8211;<\/h2>\n\n\n\n<figure class=\"wp-block-image aligncenter size-large is-resized\"><img loading=\"lazy\" decoding=\"async\" src=\"https:\/\/xn--archoskol-e4a.fr\/wp-content\/uploads\/2023\/09\/Petit-Menhir-01-732x1024.png\" alt=\"\" class=\"wp-image-44\" style=\"width:117px;height:164px\" width=\"117\" height=\"164\" srcset=\"https:\/\/xn--archoskol-e4a.fr\/wp-content\/uploads\/2023\/09\/Petit-Menhir-01-732x1024.png 732w, https:\/\/xn--archoskol-e4a.fr\/wp-content\/uploads\/2023\/09\/Petit-Menhir-01-214x300.png 214w, https:\/\/xn--archoskol-e4a.fr\/wp-content\/uploads\/2023\/09\/Petit-Menhir-01-768x1075.png 768w, https:\/\/xn--archoskol-e4a.fr\/wp-content\/uploads\/2023\/09\/Petit-Menhir-01-1098x1536.png 1098w, https:\/\/xn--archoskol-e4a.fr\/wp-content\/uploads\/2023\/09\/Petit-Menhir-01-1463x2048.png 1463w, https:\/\/xn--archoskol-e4a.fr\/wp-content\/uploads\/2023\/09\/Petit-Menhir-01.png 1557w\" sizes=\"(max-width: 117px) 100vw, 117px\" \/><\/figure>\n\n\n\n<h2 class=\"wp-block-heading has-text-align-center has-coffee-color has-text-color\" style=\"font-size:25px\"><strong>Atelier \u00ab\u00a0\u00e0 la d\u00e9couverte des Pharaons\u00a0\u00bb : dur\u00e9e : 2h30 \/ 3h00 &#8211; \u00e0 partir du CE2, coll\u00e8ge<\/strong><\/h2>\n\n\n\n<p class=\"has-text-align-center has-luminous-vivid-orange-color has-text-color\">Avec cet atelier, les \u00e9l\u00e8ves d\u00e9couvrent l\u2019\u00c9gypte ancienne. Un diaporama pr\u00e9sente cette fascinante civilisation de l&rsquo;Antiquit\u00e9 dans ses grandes lignes (son fleuve, ses principaux personnages, ses monuments, son \u00e9criture, sa culture, ses dieux&#8230;).<\/p>\n\n\n\n<figure class=\"wp-block-image aligncenter size-large\"><img loading=\"lazy\" decoding=\"async\" width=\"1024\" height=\"125\" src=\"https:\/\/xn--archoskol-e4a.fr\/wp-content\/uploads\/2023\/09\/Egypte-ancienne-1024x125.jpg\" alt=\"\" class=\"wp-image-308\" srcset=\"https:\/\/xn--archoskol-e4a.fr\/wp-content\/uploads\/2023\/09\/Egypte-ancienne-1024x125.jpg 1024w, https:\/\/xn--archoskol-e4a.fr\/wp-content\/uploads\/2023\/09\/Egypte-ancienne-300x37.jpg 300w, https:\/\/xn--archoskol-e4a.fr\/wp-content\/uploads\/2023\/09\/Egypte-ancienne-768x93.jpg 768w, https:\/\/xn--archoskol-e4a.fr\/wp-content\/uploads\/2023\/09\/Egypte-ancienne-1536x187.jpg 1536w, https:\/\/xn--archoskol-e4a.fr\/wp-content\/uploads\/2023\/09\/Egypte-ancienne-2048x249.jpg 2048w\" sizes=\"(max-width: 1024px) 100vw, 1024px\" \/><\/figure>\n\n\n\n<p class=\"has-text-align-center has-luminous-vivid-orange-color has-text-color\">Les \u00e9l\u00e8ves sont ensuite mis en situation : r\u00e9partis autour de 5 zones de fouille, ils mettent petit \u00e0 petit au jour les vestiges de la tombe d&rsquo;un \u00ab\u00a0pharaon inconnu\u00a0\u00bb vieille de plus de 3 000 ans&#8230; Le mobilier d\u00e9couvert permet de d\u00e9couvrir les croyances et les rites fun\u00e9raires des anciens \u00c9gyptiens.<\/p>\n\n\n\n<p class=\"has-text-align-center has-luminous-vivid-orange-color has-text-color\">Le dossier p\u00e9dagogique remis \u00e0 chaque \u00e9l\u00e8ve permet de collecter les informations recueillies et de r\u00e9aliser un relev\u00e9 de la fouille. Pour terminer, nous parlerons de l&rsquo;un des plus c\u00e9l\u00e8bres -et pourtant m\u00e9connu- pharaons : Toutankhamon. Aujourd&rsquo;hui encore, sa tombe est la seule \u00e0 ne pas avoir \u00e9t\u00e9 pill\u00e9e. Mais pourquoi ? Qui \u00e9tait ce pharaon ? Qui \u00e9taient ses parents ? pourquoi est-il mort si jeune ?<\/p>\n\n\n\n<figure class=\"wp-block-image aligncenter size-large\"><img loading=\"lazy\" decoding=\"async\" width=\"1024\" height=\"119\" src=\"https:\/\/xn--archoskol-e4a.fr\/wp-content\/uploads\/2023\/09\/Toutankhamon-1024x119.jpg\" alt=\"\" class=\"wp-image-311\" srcset=\"https:\/\/xn--archoskol-e4a.fr\/wp-content\/uploads\/2023\/09\/Toutankhamon-1024x119.jpg 1024w, https:\/\/xn--archoskol-e4a.fr\/wp-content\/uploads\/2023\/09\/Toutankhamon-300x35.jpg 300w, https:\/\/xn--archoskol-e4a.fr\/wp-content\/uploads\/2023\/09\/Toutankhamon-768x89.jpg 768w, https:\/\/xn--archoskol-e4a.fr\/wp-content\/uploads\/2023\/09\/Toutankhamon-1536x179.jpg 1536w, https:\/\/xn--archoskol-e4a.fr\/wp-content\/uploads\/2023\/09\/Toutankhamon-2048x238.jpg 2048w\" sizes=\"(max-width: 1024px) 100vw, 1024px\" \/><\/figure>\n\n\n\n<h2 class=\"wp-block-heading has-text-align-center has-luminous-vivid-orange-color has-text-color has-content-heading-font-size\">&#8212;&#8212;&#8212;&#8212;&#8212;&#8212;&#8211;<\/h2>\n\n\n\n<figure class=\"wp-block-image aligncenter size-full is-resized\"><img loading=\"lazy\" decoding=\"async\" src=\"https:\/\/xn--archoskol-e4a.fr\/wp-content\/uploads\/2023\/09\/Petit-Menhir-16.png\" alt=\"\" class=\"wp-image-59\" style=\"width:164px;height:159px\" width=\"164\" height=\"159\"\/><\/figure>\n\n\n\n<h2 class=\"wp-block-heading has-text-align-center has-coffee-color has-text-color\" style=\"font-size:25px\"><strong>Atelier \u00ab\u00a0arch\u00e9ologie m\u00e9di\u00e9vale\u00a0\u00bb : dur\u00e9e : 2h30 \/ 3h00 &#8211; \u00e0 partir du CE2, coll\u00e8ge<\/strong><\/h2>\n\n\n\n<p class=\"has-text-align-center has-luminous-vivid-orange-color has-text-color\">Cet atelier permet d\u2019expliquer ce qu&rsquo;est l&rsquo;arch\u00e9ologie. Pour cela, les enfants sont plac\u00e9s dans des conditions \u00ab\u00a0r\u00e9elles\u00a0\u00bb de fouille et jouent les apprentis arch\u00e9ologues ! Les d\u00e9couvertes r\u00e9alis\u00e9es permettent d&rsquo;aborder la vie des paysans au Moyen \u00c2ge (habitat, outils, droits et devoirs, rythme de vie&#8230;). Un dossier p\u00e9dagogique individuel permet aux \u00e9l\u00e8ves de collecter les\u00a0informations donn\u00e9es.<\/p>\n\n\n\n<p class=\"has-text-align-center has-luminous-vivid-orange-color has-text-color\">Apr\u00e8s une pr\u00e9sentation de l&rsquo;arch\u00e9ologie et de ses m\u00e9thodes, les \u00e9l\u00e8ves se r\u00e9partissent autour de 5 \u00ab\u00a0zones de fouille\u00a0\u00bb. Arm\u00e9s de pinceaux, ils doivent d\u00e9gager minutieusement des objets et des structures (murs&#8230;) enfouis dans le sable. Sans le savoir, ils mettent au jour les vestiges d&rsquo;une habitation paysanne du 14\u00e8me si\u00e8cle dans 4 zones de fouille. La 5\u00e8me zone fouill\u00e9e livre quant \u00e0 elle quelques \u00e9l\u00e9ments d&rsquo;une ancienne chapelle.<\/p>\n\n\n\n<p class=\"has-text-align-center has-luminous-vivid-orange-color has-text-color\">C&rsquo;est le relev\u00e9 de la fouille qui lancera la phase de r\u00e9flexion de l&rsquo;atelier : \u00ab\u00a0qu&rsquo;a-t-on d\u00e9couvert ?\u00a0\u00bb, \u00ab\u00a0comment vivait-on dans la campagne au Moyen \u00c2ge ?\u00a0\u00bb. Les \u00e9l\u00e9ments d\u00e9couverts permettent aux \u00e9l\u00e8ves -par l&rsquo;observation, la r\u00e9flexion et la d\u00e9duction- d&rsquo;appr\u00e9hender par eux-m\u00eames le mode de vie de pr\u00e8s de 90% de la population m\u00e9di\u00e9vale : les paysans&#8230;<\/p>\n\n\n\n<figure class=\"wp-block-image aligncenter size-large\"><img loading=\"lazy\" decoding=\"async\" width=\"1024\" height=\"112\" src=\"https:\/\/xn--archoskol-e4a.fr\/wp-content\/uploads\/2023\/09\/Paysans-1024x112.jpg\" alt=\"\" class=\"wp-image-314\" srcset=\"https:\/\/xn--archoskol-e4a.fr\/wp-content\/uploads\/2023\/09\/Paysans-1024x112.jpg 1024w, https:\/\/xn--archoskol-e4a.fr\/wp-content\/uploads\/2023\/09\/Paysans-300x33.jpg 300w, https:\/\/xn--archoskol-e4a.fr\/wp-content\/uploads\/2023\/09\/Paysans-768x84.jpg 768w, https:\/\/xn--archoskol-e4a.fr\/wp-content\/uploads\/2023\/09\/Paysans-1536x169.jpg 1536w, https:\/\/xn--archoskol-e4a.fr\/wp-content\/uploads\/2023\/09\/Paysans-2048x225.jpg 2048w\" sizes=\"(max-width: 1024px) 100vw, 1024px\" \/><\/figure>\n\n\n\n<p class=\"has-text-align-center has-luminous-vivid-orange-color has-text-color\"><strong>\u00a0<\/strong>Nous appuierons notre propos en prenant l&rsquo;exemple du \u00ab\u00a0Village de l&rsquo;an mil\u00a0\u00bb, \u00e0 Melrand (Morbihan). Les \u00e9l\u00e8ves pourront comprendre de mani\u00e8re concr\u00e8te quelles \u00e9taient les conditions de vie des paysans au Moyen \u00c2ge avec des photos de cette belle reconstitution arch\u00e9ologique.<\/p>\n\n\n\n<figure class=\"wp-block-image aligncenter size-large\"><img loading=\"lazy\" decoding=\"async\" width=\"1024\" height=\"104\" src=\"https:\/\/xn--archoskol-e4a.fr\/wp-content\/uploads\/2023\/09\/Melrand-1024x104.jpg\" alt=\"\" class=\"wp-image-313\" srcset=\"https:\/\/xn--archoskol-e4a.fr\/wp-content\/uploads\/2023\/09\/Melrand-1024x104.jpg 1024w, https:\/\/xn--archoskol-e4a.fr\/wp-content\/uploads\/2023\/09\/Melrand-300x30.jpg 300w, https:\/\/xn--archoskol-e4a.fr\/wp-content\/uploads\/2023\/09\/Melrand-768x78.jpg 768w, https:\/\/xn--archoskol-e4a.fr\/wp-content\/uploads\/2023\/09\/Melrand-1536x156.jpg 1536w, https:\/\/xn--archoskol-e4a.fr\/wp-content\/uploads\/2023\/09\/Melrand-2048x208.jpg 2048w\" sizes=\"(max-width: 1024px) 100vw, 1024px\" \/><\/figure>\n\n\n\n<h2 class=\"wp-block-heading has-text-align-center has-luminous-vivid-orange-color has-text-color has-content-heading-font-size\">&#8212;&#8212;&#8212;&#8212;&#8212;&#8212;&#8211;<\/h2>\n\n\n\n<figure class=\"wp-block-image aligncenter size-large is-resized\"><img loading=\"lazy\" decoding=\"async\" src=\"https:\/\/xn--archoskol-e4a.fr\/wp-content\/uploads\/2023\/09\/Petit-Menhir-18-1024x893.jpg\" alt=\"\" class=\"wp-image-319\" style=\"width:185px;height:161px\" width=\"185\" height=\"161\" srcset=\"https:\/\/xn--archoskol-e4a.fr\/wp-content\/uploads\/2023\/09\/Petit-Menhir-18-1024x893.jpg 1024w, https:\/\/xn--archoskol-e4a.fr\/wp-content\/uploads\/2023\/09\/Petit-Menhir-18-300x262.jpg 300w, https:\/\/xn--archoskol-e4a.fr\/wp-content\/uploads\/2023\/09\/Petit-Menhir-18-768x670.jpg 768w, https:\/\/xn--archoskol-e4a.fr\/wp-content\/uploads\/2023\/09\/Petit-Menhir-18-1536x1340.jpg 1536w, https:\/\/xn--archoskol-e4a.fr\/wp-content\/uploads\/2023\/09\/Petit-Menhir-18-2048x1787.jpg 2048w\" sizes=\"(max-width: 185px) 100vw, 185px\" \/><\/figure>\n\n\n\n<h2 class=\"wp-block-heading has-text-align-center has-coffee-color has-text-color\" style=\"font-size:25px\"><strong>Atelier \u00ab\u00a0arch\u00e9ologie &amp; \u00e9cologie\u00a0\u00bb : dur\u00e9e : 2h30 \/ 3h00 &#8211; \u00e0 partir du CP, coll\u00e8ge<\/strong><\/h2>\n\n\n\n<p class=\"has-text-align-center has-luminous-vivid-orange-color has-text-color\">Avec cet atelier, les \u00e9l\u00e8ves vont pouvoir d\u00e9couvrir l&rsquo;arch\u00e9ologie et, surtout, l&rsquo;impact de notre pollution sur l&rsquo;environnement.<\/p>\n\n\n\n<p class=\"has-text-align-center has-luminous-vivid-orange-color has-text-color\">En guise d&rsquo;introduction \u00e0 l&rsquo;aide d&rsquo;un diaporama, les \u00e9l\u00e8ves vont apprendre, apr\u00e8s une rapide pr\u00e9sentation de l&rsquo;arch\u00e9ologie, ce qu&rsquo;est l&rsquo;\u00e9cologie. Nous expliquerons pourquoi ces deux sciences ne sont pas si \u00e9loign\u00e9es l&rsquo;une de l&rsquo;autre. Un arch\u00e9ologue, par exemple, ne fouille-t-il pas les d\u00e9chets laiss\u00e9s par nos anc\u00eatres ?<\/p>\n\n\n\n<p class=\"has-text-align-center has-luminous-vivid-orange-color has-text-color\">Les \u00e9l\u00e8ves deviennent ensuite des arch\u00e9ologues du 3\u00e8me mill\u00e9naire et se r\u00e9partissent autour de 5 \u00ab\u00a0zones de fouille\u00a0\u00bb. Petit \u00e0 petit, et sans le savoir, ils vont d\u00e9gager une ancienne plage, un ancien bord de route, et les restes d&rsquo;une habitation, l&rsquo;ensemble datant du d\u00e9but du 21\u00e8me si\u00e8cle ! Une avalanche de d\u00e9chets de toutes sortes seront leurs pr\u00e9cieuses d\u00e9couvertes arch\u00e9ologiques !<\/p>\n\n\n\n<figure class=\"wp-block-image aligncenter size-large\"><img loading=\"lazy\" decoding=\"async\" width=\"1024\" height=\"137\" src=\"https:\/\/xn--archoskol-e4a.fr\/wp-content\/uploads\/2023\/09\/Archeologie-ecologie-1-1024x137.jpg\" alt=\"\" class=\"wp-image-320\" srcset=\"https:\/\/xn--archoskol-e4a.fr\/wp-content\/uploads\/2023\/09\/Archeologie-ecologie-1-1024x137.jpg 1024w, https:\/\/xn--archoskol-e4a.fr\/wp-content\/uploads\/2023\/09\/Archeologie-ecologie-1-300x40.jpg 300w, https:\/\/xn--archoskol-e4a.fr\/wp-content\/uploads\/2023\/09\/Archeologie-ecologie-1-768x102.jpg 768w, https:\/\/xn--archoskol-e4a.fr\/wp-content\/uploads\/2023\/09\/Archeologie-ecologie-1-1536x205.jpg 1536w, https:\/\/xn--archoskol-e4a.fr\/wp-content\/uploads\/2023\/09\/Archeologie-ecologie-1-2048x273.jpg 2048w\" sizes=\"(max-width: 1024px) 100vw, 1024px\" \/><\/figure>\n\n\n\n<p class=\"has-text-align-center has-luminous-vivid-orange-color has-text-color\">Le travail post-fouille de cet atelier\u00a0sera alors l\u2019occasion de d\u00e9couvrir la\u00a0dur\u00e9e de vie de nos d\u00e9chets, leurs cons\u00e9quences sur la nature,\u00a0et d\u2019apprendre (ou de rappeler\u00a0!) les\u00a0comportements responsables \u00e0 avoir pour pr\u00e9server au mieux notre environnement\u00a0pour les g\u00e9n\u00e9rations futures\u00a0(diaporama) !<\/p>\n\n\n\n<figure class=\"wp-block-image aligncenter size-large\"><img loading=\"lazy\" decoding=\"async\" width=\"1024\" height=\"89\" src=\"https:\/\/xn--archoskol-e4a.fr\/wp-content\/uploads\/2023\/09\/Pollution-1024x89.jpg\" alt=\"\" class=\"wp-image-322\" srcset=\"https:\/\/xn--archoskol-e4a.fr\/wp-content\/uploads\/2023\/09\/Pollution-1024x89.jpg 1024w, https:\/\/xn--archoskol-e4a.fr\/wp-content\/uploads\/2023\/09\/Pollution-300x26.jpg 300w, https:\/\/xn--archoskol-e4a.fr\/wp-content\/uploads\/2023\/09\/Pollution-768x67.jpg 768w, https:\/\/xn--archoskol-e4a.fr\/wp-content\/uploads\/2023\/09\/Pollution-1536x134.jpg 1536w, https:\/\/xn--archoskol-e4a.fr\/wp-content\/uploads\/2023\/09\/Pollution-2048x179.jpg 2048w\" sizes=\"(max-width: 1024px) 100vw, 1024px\" \/><\/figure>\n\n\n\n<h2 class=\"wp-block-heading has-text-align-center has-luminous-vivid-orange-color has-text-color has-content-heading-font-size\">&#8212;&#8212;&#8212;&#8212;&#8212;&#8212;&#8211;<\/h2>\n\n\n\n<figure class=\"wp-block-image aligncenter size-full is-resized\"><img loading=\"lazy\" decoding=\"async\" src=\"https:\/\/xn--archoskol-e4a.fr\/wp-content\/uploads\/2023\/09\/Petit-Menhir-02.png\" alt=\"\" class=\"wp-image-45\" style=\"width:162px;height:158px\" width=\"162\" height=\"158\"\/><\/figure>\n\n\n\n<h2 class=\"wp-block-heading has-text-align-center has-coffee-color has-text-color\" style=\"font-size:25px\"><strong>Atelier \u00ab\u00a0fouille pal\u00e9ontologique\u00a0\u00bb : dur\u00e9e : 2h00 \/ 3h00 &#8211; \u00e0 partir de la maternelle<\/strong><\/h2>\n\n\n\n<p class=\"has-text-align-center has-luminous-vivid-orange-color has-text-color\">Cet atelier permet d\u2019expliquer ce qu&rsquo;est la pal\u00e9ontologie et la fossilisation. Pour cela, les enfants sont plac\u00e9s dans des conditions \u00ab\u00a0r\u00e9elles\u00a0\u00bb de fouille et jouent les apprentis pal\u00e9ontologues ! Les d\u00e9couvertes r\u00e9alis\u00e9es permettent d&rsquo;aborder la vie des dinosaure au temps de la Pr\u00e9histoire (taille, poids, r\u00e9gimes alimentaires, couleurs&#8230;). Un dossier p\u00e9dagogique individuel permet aux \u00e9l\u00e8ves de collecter les\u00a0informations donn\u00e9es.<\/p>\n\n\n\n<p class=\"has-text-align-center has-luminous-vivid-orange-color has-text-color\">Apr\u00e8s avoir pr\u00e9sent\u00e9 la pal\u00e9ontologie en montrant et en faisant circuler de vrais fossiles dans la classe, les \u00e9l\u00e8ves vont fouiller dans 5 zones riches en ossements ! Ils vont alors mettre au jour les squelettes complets d&rsquo;un tyrannosaure (1m20, mod\u00e8le r\u00e9duit au 1\/10\u00e8me) et d&rsquo;un b\u00e9b\u00e9 diplodocus (1m40) ainsi que des dents et des griffes ayant appartenu \u00e0 de nombreux autres dinosaures !<\/p>\n\n\n\n<figure class=\"wp-block-image aligncenter size-large\"><img loading=\"lazy\" decoding=\"async\" width=\"1024\" height=\"113\" src=\"https:\/\/xn--archoskol-e4a.fr\/wp-content\/uploads\/2023\/09\/Squelettes-dinosaures-1024x113.jpg\" alt=\"\" class=\"wp-image-326\" srcset=\"https:\/\/xn--archoskol-e4a.fr\/wp-content\/uploads\/2023\/09\/Squelettes-dinosaures-1024x113.jpg 1024w, https:\/\/xn--archoskol-e4a.fr\/wp-content\/uploads\/2023\/09\/Squelettes-dinosaures-300x33.jpg 300w, https:\/\/xn--archoskol-e4a.fr\/wp-content\/uploads\/2023\/09\/Squelettes-dinosaures-768x85.jpg 768w, https:\/\/xn--archoskol-e4a.fr\/wp-content\/uploads\/2023\/09\/Squelettes-dinosaures-1536x170.jpg 1536w, https:\/\/xn--archoskol-e4a.fr\/wp-content\/uploads\/2023\/09\/Squelettes-dinosaures-2048x226.jpg 2048w\" sizes=\"(max-width: 1024px) 100vw, 1024px\" \/><\/figure>\n\n\n\n<p class=\"has-text-align-center has-luminous-vivid-orange-color has-text-color\">Ensuite, comme les vrais sp\u00e9cialistes, nous remonterons les deux dinosaures et tenterons d&rsquo;identifier les dents et les griffes. Ce sera l&rsquo;occasion de d\u00e9couvrir comment se comportaient ces dinosaures, quels \u00e9taient leurs rapports entre eux, \u00e0 quoi ils ressemblaient&#8230; Une parenth\u00e8se sp\u00e9ciale sera faite sur le fameux Tyrannosaurus Rex, la star des dinosaures ! Nous terminerons\u00a0en parlant des oiseaux. Oui, vous avez bien lu !<\/p>\n\n\n\n<figure class=\"wp-block-image aligncenter size-large\"><img loading=\"lazy\" decoding=\"async\" width=\"1024\" height=\"100\" src=\"https:\/\/xn--archoskol-e4a.fr\/wp-content\/uploads\/2023\/09\/Dinosaures-01-1024x100.jpg\" alt=\"\" class=\"wp-image-328\" srcset=\"https:\/\/xn--archoskol-e4a.fr\/wp-content\/uploads\/2023\/09\/Dinosaures-01-1024x100.jpg 1024w, https:\/\/xn--archoskol-e4a.fr\/wp-content\/uploads\/2023\/09\/Dinosaures-01-300x29.jpg 300w, https:\/\/xn--archoskol-e4a.fr\/wp-content\/uploads\/2023\/09\/Dinosaures-01-768x75.jpg 768w, https:\/\/xn--archoskol-e4a.fr\/wp-content\/uploads\/2023\/09\/Dinosaures-01-1536x150.jpg 1536w, https:\/\/xn--archoskol-e4a.fr\/wp-content\/uploads\/2023\/09\/Dinosaures-01-2048x199.jpg 2048w\" sizes=\"(max-width: 1024px) 100vw, 1024px\" \/><\/figure>\n\n\n\n<h2 class=\"wp-block-heading has-text-align-center has-luminous-vivid-orange-color has-text-color has-content-heading-font-size\">&#8212;&#8212;&#8212;&#8212;&#8212;&#8212;&#8211;<\/h2>\n\n\n\n<figure class=\"wp-block-image aligncenter size-large is-resized\"><img loading=\"lazy\" decoding=\"async\" src=\"https:\/\/xn--archoskol-e4a.fr\/wp-content\/uploads\/2023\/09\/Petit-Menhir-68bis-1024x759.png\" alt=\"\" class=\"wp-image-324\" style=\"width:211px;height:157px\" width=\"211\" height=\"157\" srcset=\"https:\/\/xn--archoskol-e4a.fr\/wp-content\/uploads\/2023\/09\/Petit-Menhir-68bis-1024x759.png 1024w, https:\/\/xn--archoskol-e4a.fr\/wp-content\/uploads\/2023\/09\/Petit-Menhir-68bis-300x222.png 300w, https:\/\/xn--archoskol-e4a.fr\/wp-content\/uploads\/2023\/09\/Petit-Menhir-68bis-768x569.png 768w, https:\/\/xn--archoskol-e4a.fr\/wp-content\/uploads\/2023\/09\/Petit-Menhir-68bis-1536x1139.png 1536w, https:\/\/xn--archoskol-e4a.fr\/wp-content\/uploads\/2023\/09\/Petit-Menhir-68bis-2048x1518.png 2048w\" sizes=\"(max-width: 211px) 100vw, 211px\" \/><\/figure>\n\n\n\n<h2 class=\"wp-block-heading has-text-align-center has-coffee-color has-text-color\" style=\"font-size:25px\"><strong>Atelier \u00ab\u00a0sur les traces des dinosaures\u00a0\u00bb : dur\u00e9e : 2h00 \/ 3h00 &#8211; \u00e0 partir de la maternelle<\/strong><\/h2>\n\n\n\n<p class=\"has-text-align-center has-luminous-vivid-orange-color has-text-color\">Qu\u2019est-ce que la pal\u00e9ontologie\u00a0?\u00a0Avec cet atelier, vous saurez tout sur le monde fascinant des dinosaures : leurs genres, leurs r\u00e9gimes alimentaires, leurs tailles&#8230; Certaines de ces donn\u00e9es peuvent \u00eatre devin\u00e9es non pas \u00e0 partir de leurs squelettes fossilis\u00e9s mais gr\u00e2ce aux empreintes de pas qu&rsquo;ils ont laiss\u00e9 dans le sol !<\/p>\n\n\n\n<p class=\"has-text-align-center has-luminous-vivid-orange-color has-text-color\">Apr\u00e8s avoir pr\u00e9sent\u00e9 la pal\u00e9ontologie et expliqu\u00e9 le processus de fossilisation, nous remonterons le temps pour nous arr\u00eater entre -225 et -65 millions d&rsquo;ann\u00e9es&#8230; \u00e0 l&rsquo;\u00e8re des \u00ab\u00a0terribles l\u00e9zards\u00a0\u00bb ! Nous reproduirons les empreintes de pas de plus d&rsquo;une dizaine de dinosaures diff\u00e9rents dans de l&rsquo;argile crue.<\/p>\n\n\n\n<figure class=\"wp-block-image aligncenter size-large\"><img loading=\"lazy\" decoding=\"async\" width=\"1024\" height=\"108\" src=\"https:\/\/xn--archoskol-e4a.fr\/wp-content\/uploads\/2023\/09\/Dinosaures-02-1024x108.jpg\" alt=\"\" class=\"wp-image-330\" srcset=\"https:\/\/xn--archoskol-e4a.fr\/wp-content\/uploads\/2023\/09\/Dinosaures-02-1024x108.jpg 1024w, https:\/\/xn--archoskol-e4a.fr\/wp-content\/uploads\/2023\/09\/Dinosaures-02-300x32.jpg 300w, https:\/\/xn--archoskol-e4a.fr\/wp-content\/uploads\/2023\/09\/Dinosaures-02-768x81.jpg 768w, https:\/\/xn--archoskol-e4a.fr\/wp-content\/uploads\/2023\/09\/Dinosaures-02-1536x163.jpg 1536w, https:\/\/xn--archoskol-e4a.fr\/wp-content\/uploads\/2023\/09\/Dinosaures-02-2048x217.jpg 2048w\" sizes=\"(max-width: 1024px) 100vw, 1024px\" \/><\/figure>\n\n\n\n<p class=\"has-text-align-center has-luminous-vivid-orange-color has-text-color\">A partir de l\u00e0, nous essayerons de d\u00e9couvrir \u00e0 quel animal chacune d&rsquo;elle appartenait et nous dresserons une fiche d&rsquo;identit\u00e9 de chacun d&rsquo;eux. Nous terminerons en d\u00e9couvrant les derni\u00e8res avanc\u00e9es scientifiques de la pal\u00e9ontologie. Toutes les informations collect\u00e9es seront consign\u00e9es par les \u00e9l\u00e8ves dans leur \u00ab\u00a0carnet du pal\u00e9ontologue\u00a0\u00bb.<\/p>\n\n\n\n<h2 class=\"wp-block-heading has-text-align-center has-luminous-vivid-orange-color has-text-color has-content-heading-font-size\">&#8212;&#8212;&#8212;&#8212;&#8212;&#8212;&#8211;<\/h2>\n\n\n\n<figure class=\"wp-block-image aligncenter size-full is-resized\"><img loading=\"lazy\" decoding=\"async\" src=\"https:\/\/xn--archoskol-e4a.fr\/wp-content\/uploads\/2023\/09\/Petit-Menhir-15.png\" alt=\"\" class=\"wp-image-58\" style=\"width:143px;height:212px\" width=\"143\" height=\"212\"\/><\/figure>\n\n\n\n<h2 class=\"wp-block-heading has-text-align-center has-coffee-color has-text-color\" style=\"font-size:25px\"><strong>Atelier \u00ab\u00a0pavement m\u00e9di\u00e9val\u00a0\u00bb : dur\u00e9e : 2h00 &#8211; \u00e0 partir de la G<\/strong>S, coll\u00e8ge<\/h2>\n\n\n\n<p class=\"has-text-align-center has-luminous-vivid-orange-color has-text-color\">Le Moyen \u00c2ge est une p\u00e9riode triste, sans couleur&#8230; Quel clich\u00e9 ! Avec cet atelier, nous verrons que cette \u00e9poque n&rsquo;\u00e9tait pas si sombre et que la noblesse et le clerg\u00e9 aimaient colorer leurs \u00e9difices avec des \u00ab\u00a0tapis de couleur\u00a0\u00bb ! Les \u00e9l\u00e8ves, artisans m\u00e9di\u00e9vaux, vont r\u00e9aliser un carrelage (pavement) command\u00e9 par un riche seigneur pour son ch\u00e2teau.<\/p>\n\n\n\n<p class=\"has-text-align-center has-luminous-vivid-orange-color has-text-color\">Apr\u00e8s avoir pris connaissance des 2 techniques de d\u00e9coration des carreaux de terre cuite au Moyen \u00c2ge (\u00e0 l&rsquo;engobe, et peints), chaque \u00e9l\u00e8ve se voit remettre un v\u00e9ritable carreau de dallage en pierre sur lequel il doit repr\u00e9senter des motifs m\u00e9di\u00e9vaux (\u00e0 d\u00e9calquer ou pochoir).<\/p>\n\n\n\n<p class=\"has-text-align-center has-luminous-vivid-orange-color has-text-color\">Ensuite, chaque \u00e9l\u00e8ve peint son carreau avec les couleurs utilis\u00e9es au Moyen \u00c2ge. Enfin, tous les carreaux sont rassembl\u00e9s et forment un grand motif m\u00e9di\u00e9val : les \u00e9l\u00e8ves comprennent alors ce que pouvaient \u00eatre ces fameux \u00ab\u00a0tapis de couleurs\u00a0\u00bb !<\/p>\n\n\n\n<figure class=\"wp-block-image aligncenter size-large\"><img loading=\"lazy\" decoding=\"async\" width=\"1024\" height=\"93\" src=\"https:\/\/xn--archoskol-e4a.fr\/wp-content\/uploads\/2023\/09\/Pavement-1-1024x93.jpg\" alt=\"\" class=\"wp-image-331\" srcset=\"https:\/\/xn--archoskol-e4a.fr\/wp-content\/uploads\/2023\/09\/Pavement-1-1024x93.jpg 1024w, https:\/\/xn--archoskol-e4a.fr\/wp-content\/uploads\/2023\/09\/Pavement-1-300x27.jpg 300w, https:\/\/xn--archoskol-e4a.fr\/wp-content\/uploads\/2023\/09\/Pavement-1-768x69.jpg 768w, https:\/\/xn--archoskol-e4a.fr\/wp-content\/uploads\/2023\/09\/Pavement-1-1536x139.jpg 1536w, https:\/\/xn--archoskol-e4a.fr\/wp-content\/uploads\/2023\/09\/Pavement-1-2048x185.jpg 2048w\" sizes=\"(max-width: 1024px) 100vw, 1024px\" \/><\/figure>\n\n\n\n<h2 class=\"wp-block-heading has-text-align-center has-luminous-vivid-orange-color has-text-color has-content-heading-font-size\">&#8212;&#8212;&#8212;&#8212;&#8212;&#8212;&#8211;<\/h2>\n\n\n\n<figure class=\"wp-block-image aligncenter size-full is-resized\"><img loading=\"lazy\" decoding=\"async\" src=\"https:\/\/xn--archoskol-e4a.fr\/wp-content\/uploads\/2023\/09\/Petit-Menhir-14.png\" alt=\"\" class=\"wp-image-57\" style=\"width:138px;height:228px\" width=\"138\" height=\"228\"\/><\/figure>\n\n\n\n<h2 class=\"wp-block-heading has-text-align-center has-coffee-color has-text-color\" style=\"font-size:25px\"><strong>Atelier \u00ab\u00a0h\u00e9raldique\u00a0\u00bb : dur\u00e9e : 2h30 &#8211; \u00e0 partir d<\/strong>u CE1, coll\u00e8ge<\/h2>\n\n\n\n<p class=\"has-text-align-center has-luminous-vivid-orange-color has-text-color\">Qu\u2019est-ce que l\u2019h\u00e9raldique\u00a0? Et bien, c&rsquo;est la science du blason\u2026 Mais qu&rsquo;est-ce qu&rsquo;un blason alors ? Au milieu du Moyen \u00c2ge, suite \u00e0 l&rsquo;\u00e9volution de l&rsquo;\u00e9quipement militaire, les soldats se recouvrent de signes distinctifs color\u00e9s pour pouvoir se reconna\u00eetre entre eux sur les champs de bataille. C&rsquo;est la naissance de l&rsquo;h\u00e9raldique !<\/p>\n\n\n\n<p class=\"has-text-align-center has-luminous-vivid-orange-color has-text-color\">Rapidement, les tournois, les c\u00e9r\u00e9monies fastueuses et la volont\u00e9 de rendre h\u00e9r\u00e9ditaires les noms patronymiques font que les blasons touchent toute la soci\u00e9t\u00e9 m\u00e9di\u00e9vale d\u00e8s le 12\u00e8me si\u00e8cle : hommes, femmes, nobles, paysans, villes, m\u00e9tiers&#8230;\u00a0Tout le monde peut en avoir un. Alors, pourquoi pas vos \u00e9l\u00e8ves aujourd&rsquo;hui&#8230; au 21\u00e8me si\u00e8cle ?!<\/p>\n\n\n\n<p class=\"has-text-align-center has-luminous-vivid-orange-color has-text-color\">Apr\u00e8s une pr\u00e9sentation de l&rsquo;h\u00e9raldique, les \u00e9l\u00e8ves d\u00e9couvriront son vocabulaire (le nom et le type des embl\u00e8mes, les traits de partition, le nom des couleurs et leurs familles&#8230;) et ses quelques r\u00e8gles pour qu&rsquo;ils puissent r\u00e9aliser leurs propres blasons. Ensuite, chacun se verra remettre un m\u00e9tier du Moyen \u00c2ge et devra chercher le ou les embl\u00e8mes qui caract\u00e9risent au mieux ce r\u00f4le, les reproduire et les peindre sur un support en forme d&rsquo;\u00e9cu.<\/p>\n\n\n\n<p class=\"has-text-align-center has-luminous-vivid-orange-color has-text-color\">Nous terminerons cet atelier en citant quelques exemples qui illustrent que l&rsquo;h\u00e9raldique est encore bien pr\u00e9sente dans notre soci\u00e9t\u00e9 aujourd&rsquo;hui.<\/p>\n\n\n\n<figure class=\"wp-block-image aligncenter size-large\"><img loading=\"lazy\" decoding=\"async\" width=\"1024\" height=\"131\" src=\"https:\/\/xn--archoskol-e4a.fr\/wp-content\/uploads\/2023\/09\/Heraldique-blasons-1024x131.jpg\" alt=\"\" class=\"wp-image-334\" srcset=\"https:\/\/xn--archoskol-e4a.fr\/wp-content\/uploads\/2023\/09\/Heraldique-blasons-1024x131.jpg 1024w, https:\/\/xn--archoskol-e4a.fr\/wp-content\/uploads\/2023\/09\/Heraldique-blasons-300x38.jpg 300w, https:\/\/xn--archoskol-e4a.fr\/wp-content\/uploads\/2023\/09\/Heraldique-blasons-768x98.jpg 768w, https:\/\/xn--archoskol-e4a.fr\/wp-content\/uploads\/2023\/09\/Heraldique-blasons-1536x196.jpg 1536w, https:\/\/xn--archoskol-e4a.fr\/wp-content\/uploads\/2023\/09\/Heraldique-blasons-2048x262.jpg 2048w\" sizes=\"(max-width: 1024px) 100vw, 1024px\" \/><\/figure>\n\n\n\n<h2 class=\"wp-block-heading has-text-align-center has-luminous-vivid-orange-color has-text-color has-content-heading-font-size\">&#8212;&#8212;&#8212;&#8212;&#8212;&#8212;&#8211;<\/h2>\n\n\n\n<figure class=\"wp-block-image aligncenter size-full is-resized\"><img loading=\"lazy\" decoding=\"async\" src=\"https:\/\/xn--archoskol-e4a.fr\/wp-content\/uploads\/2023\/09\/Petit-Menhir-17.png\" alt=\"\" class=\"wp-image-60\" style=\"width:170px;height:169px\" width=\"170\" height=\"169\" srcset=\"https:\/\/xn--archoskol-e4a.fr\/wp-content\/uploads\/2023\/09\/Petit-Menhir-17.png 166w, https:\/\/xn--archoskol-e4a.fr\/wp-content\/uploads\/2023\/09\/Petit-Menhir-17-150x150.png 150w\" sizes=\"(max-width: 170px) 100vw, 170px\" \/><\/figure>\n\n\n\n<h2 class=\"wp-block-heading has-text-align-center has-coffee-color has-text-color\" style=\"font-size:25px\">Atelier \u00ab\u00a0calligraphie\u00a0\u00bb : dur\u00e9e : 2h30 &#8211; \u00e0 partir du CE2, coll\u00e8ge<\/h2>\n\n\n\n<p class=\"has-text-align-center has-luminous-vivid-orange-color has-text-color\">Cet atelier permet aux \u00e9l\u00e8ves de s&rsquo;initier \u00e0 l&rsquo;\u00e9criture \u00e0 la plume, comme un moine copiste du milieu du Moyen \u00c2ge. Apr\u00e8s avoir re\u00e7u son dossier p\u00e9dagogique \u00ab\u00a0Le Roman de Renart\u00a0\u00bb qui pr\u00e9sente la calligraphie, chaque \u00e9l\u00e8ve s&rsquo;exerce \u00e0 la plume (ma\u00eetrise de la trempe, de la largeur de la plume, de l&rsquo;\u00e9criture \u00ab\u00a0minuscule caroline\u00a0\u00bb&#8230;).<\/p>\n\n\n\n<p class=\"has-text-align-center has-luminous-vivid-orange-color has-text-color\">Ensuite, chacun recopie quelques phrases d&rsquo;un manuscrit c\u00e9l\u00e8bre : \u00ab\u00a0Le Roman de Renart\u00a0\u00bb. L&rsquo;ensemble des parchemins ainsi r\u00e9alis\u00e9s forment une histoire compl\u00e8te de l&rsquo;ouvrage original (en r\u00e9sum\u00e9 bien s\u00fbr !).<\/p>\n\n\n\n<p class=\"has-text-align-center has-luminous-vivid-orange-color has-text-color\">C&rsquo;est l&rsquo;occasion, \u00e0 la fin de l&rsquo;atelier, d&rsquo;aborder ce manuscrit -ses auteurs, sa r\u00e9alisation&#8230;- et le portrait qu&rsquo;il brosse sous forme de satyre de la soci\u00e9t\u00e9 m\u00e9di\u00e9vale.<\/p>\n\n\n\n<figure class=\"wp-block-image aligncenter size-large\"><img loading=\"lazy\" decoding=\"async\" width=\"1024\" height=\"82\" src=\"https:\/\/xn--archoskol-e4a.fr\/wp-content\/uploads\/2023\/09\/Calligraphie-bis-1024x82.jpg\" alt=\"\" class=\"wp-image-336\" srcset=\"https:\/\/xn--archoskol-e4a.fr\/wp-content\/uploads\/2023\/09\/Calligraphie-bis-1024x82.jpg 1024w, https:\/\/xn--archoskol-e4a.fr\/wp-content\/uploads\/2023\/09\/Calligraphie-bis-300x24.jpg 300w, https:\/\/xn--archoskol-e4a.fr\/wp-content\/uploads\/2023\/09\/Calligraphie-bis-768x62.jpg 768w, https:\/\/xn--archoskol-e4a.fr\/wp-content\/uploads\/2023\/09\/Calligraphie-bis-1536x124.jpg 1536w, https:\/\/xn--archoskol-e4a.fr\/wp-content\/uploads\/2023\/09\/Calligraphie-bis-2048x165.jpg 2048w\" sizes=\"(max-width: 1024px) 100vw, 1024px\" \/><\/figure>\n","protected":false},"excerpt":{"rendered":"<p>Objectifs p\u00e9dagogiques : &nbsp;&nbsp;&nbsp;&nbsp;&nbsp;&nbsp;&nbsp;&nbsp;&nbsp;&nbsp;&nbsp;&nbsp;&nbsp;&nbsp;&nbsp;&nbsp;&nbsp;&nbsp;&nbsp;&nbsp;&nbsp;&nbsp;&nbsp;&nbsp;&nbsp;&nbsp;&nbsp;&nbsp;&nbsp;&nbsp;&nbsp;&nbsp;&nbsp;&nbsp;&nbsp;&nbsp;&nbsp;&nbsp;&nbsp;&nbsp;&nbsp;&nbsp;&nbsp;&nbsp;&nbsp;&nbsp;&nbsp;&nbsp;&nbsp;&nbsp;&nbsp;&nbsp;&nbsp;&nbsp;&nbsp;&nbsp;&nbsp;&nbsp; &nbsp;&#8211; d\u00e9couvrir la Pr\u00e9histoire, l\u2019Antiquit\u00e9 ou le Moyen \u00c2ge par le biais de l\u2019arch\u00e9ologie &nbsp;&nbsp;&nbsp;&nbsp;&nbsp;&nbsp;&nbsp;&nbsp;&nbsp;&nbsp;&nbsp;&nbsp;&nbsp;&nbsp;&nbsp;&nbsp;&nbsp;&nbsp;&nbsp;&nbsp;&nbsp;&nbsp;&nbsp;&nbsp;&nbsp;&nbsp;&nbsp;&nbsp;&nbsp;&nbsp;&nbsp;&nbsp;&nbsp;&nbsp;&nbsp;&nbsp;&nbsp;&nbsp;&nbsp;&nbsp;&nbsp;&nbsp;&nbsp;&nbsp;&nbsp;&nbsp;&nbsp;&nbsp;&nbsp;&nbsp;&nbsp;&nbsp;&nbsp;&nbsp;&nbsp;&nbsp;&nbsp;&nbsp; &nbsp;&#8211; d\u00e9velopper la curiosit\u00e9, l\u2019envie de d\u00e9couvrir, de chercher &nbsp;&nbsp;&nbsp;&nbsp;&nbsp;&nbsp;&nbsp;&nbsp;&nbsp;&nbsp;&nbsp;&nbsp;&nbsp;&nbsp;&nbsp;&nbsp;&nbsp;&nbsp;&nbsp;&nbsp;&nbsp;&nbsp;&nbsp;&nbsp;&nbsp;&nbsp;&nbsp;&nbsp;&nbsp;&nbsp;&nbsp;&nbsp;&nbsp;&nbsp;&nbsp;&nbsp;&nbsp;&nbsp;&nbsp;&nbsp;&nbsp;&nbsp;&nbsp;&nbsp;&nbsp;&nbsp;&nbsp;&nbsp;&nbsp;&nbsp;&nbsp;&nbsp;&nbsp;&nbsp;&nbsp;&nbsp;&nbsp;&nbsp; &nbsp;&#8211; [&hellip;]<\/p>\n","protected":false},"author":1,"featured_media":256,"parent":0,"menu_order":0,"comment_status":"closed","ping_status":"closed","template":"","meta":{"footnotes":""},"class_list":["post-151","page","type-page","status-publish","has-post-thumbnail","hentry"],"yoast_head":"<!-- This site is optimized with the Yoast SEO plugin v27.5 - https:\/\/yoast.com\/product\/yoast-seo-wordpress\/ -->\n<title>Ateliers propos\u00e9s - Arch\u00e9oskol<\/title>\n<meta name=\"robots\" content=\"index, follow, max-snippet:-1, max-image-preview:large, max-video-preview:-1\" \/>\n<link rel=\"canonical\" href=\"https:\/\/xn--archoskol-e4a.fr\/index.php\/ateliers-proposes\/\" \/>\n<meta property=\"og:locale\" content=\"fr_FR\" \/>\n<meta property=\"og:type\" content=\"article\" \/>\n<meta property=\"og:title\" content=\"Ateliers propos\u00e9s - Arch\u00e9oskol\" \/>\n<meta property=\"og:description\" content=\"Objectifs p\u00e9dagogiques : &nbsp;&nbsp;&nbsp;&nbsp;&nbsp;&nbsp;&nbsp;&nbsp;&nbsp;&nbsp;&nbsp;&nbsp;&nbsp;&nbsp;&nbsp;&nbsp;&nbsp;&nbsp;&nbsp;&nbsp;&nbsp;&nbsp;&nbsp;&nbsp;&nbsp;&nbsp;&nbsp;&nbsp;&nbsp;&nbsp;&nbsp;&nbsp;&nbsp;&nbsp;&nbsp;&nbsp;&nbsp;&nbsp;&nbsp;&nbsp;&nbsp;&nbsp;&nbsp;&nbsp;&nbsp;&nbsp;&nbsp;&nbsp;&nbsp;&nbsp;&nbsp;&nbsp;&nbsp;&nbsp;&nbsp;&nbsp;&nbsp;&nbsp; &nbsp;&#8211; d\u00e9couvrir la Pr\u00e9histoire, l\u2019Antiquit\u00e9 ou le Moyen \u00c2ge par le biais de l\u2019arch\u00e9ologie &nbsp;&nbsp;&nbsp;&nbsp;&nbsp;&nbsp;&nbsp;&nbsp;&nbsp;&nbsp;&nbsp;&nbsp;&nbsp;&nbsp;&nbsp;&nbsp;&nbsp;&nbsp;&nbsp;&nbsp;&nbsp;&nbsp;&nbsp;&nbsp;&nbsp;&nbsp;&nbsp;&nbsp;&nbsp;&nbsp;&nbsp;&nbsp;&nbsp;&nbsp;&nbsp;&nbsp;&nbsp;&nbsp;&nbsp;&nbsp;&nbsp;&nbsp;&nbsp;&nbsp;&nbsp;&nbsp;&nbsp;&nbsp;&nbsp;&nbsp;&nbsp;&nbsp;&nbsp;&nbsp;&nbsp;&nbsp;&nbsp;&nbsp; &nbsp;&#8211; d\u00e9velopper la curiosit\u00e9, l\u2019envie de d\u00e9couvrir, de chercher &nbsp;&nbsp;&nbsp;&nbsp;&nbsp;&nbsp;&nbsp;&nbsp;&nbsp;&nbsp;&nbsp;&nbsp;&nbsp;&nbsp;&nbsp;&nbsp;&nbsp;&nbsp;&nbsp;&nbsp;&nbsp;&nbsp;&nbsp;&nbsp;&nbsp;&nbsp;&nbsp;&nbsp;&nbsp;&nbsp;&nbsp;&nbsp;&nbsp;&nbsp;&nbsp;&nbsp;&nbsp;&nbsp;&nbsp;&nbsp;&nbsp;&nbsp;&nbsp;&nbsp;&nbsp;&nbsp;&nbsp;&nbsp;&nbsp;&nbsp;&nbsp;&nbsp;&nbsp;&nbsp;&nbsp;&nbsp;&nbsp;&nbsp; &nbsp;&#8211; [&hellip;]\" \/>\n<meta property=\"og:url\" content=\"https:\/\/xn--archoskol-e4a.fr\/index.php\/ateliers-proposes\/\" \/>\n<meta property=\"og:site_name\" content=\"Arch\u00e9oskol\" \/>\n<meta property=\"article:modified_time\" content=\"2023-09-29T15:59:07+00:00\" \/>\n<meta property=\"og:image\" content=\"https:\/\/xn--archoskol-e4a.fr\/wp-content\/uploads\/2023\/09\/Installation-05-1-scaled.jpg\" \/>\n\t<meta property=\"og:image:width\" content=\"2560\" \/>\n\t<meta property=\"og:image:height\" content=\"1686\" \/>\n\t<meta property=\"og:image:type\" content=\"image\/jpeg\" \/>\n<meta name=\"twitter:card\" content=\"summary_large_image\" \/>\n<meta name=\"twitter:label1\" content=\"Dur\u00e9e de lecture estim\u00e9e\" \/>\n\t<meta name=\"twitter:data1\" content=\"12 minutes\" \/>\n<script type=\"application\/ld+json\" class=\"yoast-schema-graph\">{\"@context\":\"https:\\\/\\\/schema.org\",\"@graph\":[{\"@type\":\"WebPage\",\"@id\":\"https:\\\/\\\/xn--archoskol-e4a.fr\\\/index.php\\\/ateliers-proposes\\\/\",\"url\":\"https:\\\/\\\/xn--archoskol-e4a.fr\\\/index.php\\\/ateliers-proposes\\\/\",\"name\":\"Ateliers propos\u00e9s - Arch\u00e9oskol\",\"isPartOf\":{\"@id\":\"https:\\\/\\\/xn--archoskol-e4a.fr\\\/#website\"},\"primaryImageOfPage\":{\"@id\":\"https:\\\/\\\/xn--archoskol-e4a.fr\\\/index.php\\\/ateliers-proposes\\\/#primaryimage\"},\"image\":{\"@id\":\"https:\\\/\\\/xn--archoskol-e4a.fr\\\/index.php\\\/ateliers-proposes\\\/#primaryimage\"},\"thumbnailUrl\":\"https:\\\/\\\/xn--archoskol-e4a.fr\\\/wp-content\\\/uploads\\\/2023\\\/09\\\/Installation-05-1-scaled.jpg\",\"datePublished\":\"2023-09-19T13:52:22+00:00\",\"dateModified\":\"2023-09-29T15:59:07+00:00\",\"breadcrumb\":{\"@id\":\"https:\\\/\\\/xn--archoskol-e4a.fr\\\/index.php\\\/ateliers-proposes\\\/#breadcrumb\"},\"inLanguage\":\"fr-FR\",\"potentialAction\":[{\"@type\":\"ReadAction\",\"target\":[\"https:\\\/\\\/xn--archoskol-e4a.fr\\\/index.php\\\/ateliers-proposes\\\/\"]}]},{\"@type\":\"ImageObject\",\"inLanguage\":\"fr-FR\",\"@id\":\"https:\\\/\\\/xn--archoskol-e4a.fr\\\/index.php\\\/ateliers-proposes\\\/#primaryimage\",\"url\":\"https:\\\/\\\/xn--archoskol-e4a.fr\\\/wp-content\\\/uploads\\\/2023\\\/09\\\/Installation-05-1-scaled.jpg\",\"contentUrl\":\"https:\\\/\\\/xn--archoskol-e4a.fr\\\/wp-content\\\/uploads\\\/2023\\\/09\\\/Installation-05-1-scaled.jpg\",\"width\":2560,\"height\":1686},{\"@type\":\"BreadcrumbList\",\"@id\":\"https:\\\/\\\/xn--archoskol-e4a.fr\\\/index.php\\\/ateliers-proposes\\\/#breadcrumb\",\"itemListElement\":[{\"@type\":\"ListItem\",\"position\":1,\"name\":\"Accueil\",\"item\":\"https:\\\/\\\/xn--archoskol-e4a.fr\\\/\"},{\"@type\":\"ListItem\",\"position\":2,\"name\":\"Ateliers propos\u00e9s\"}]},{\"@type\":\"WebSite\",\"@id\":\"https:\\\/\\\/xn--archoskol-e4a.fr\\\/#website\",\"url\":\"https:\\\/\\\/xn--archoskol-e4a.fr\\\/\",\"name\":\"Arch\u00e9oskol\",\"description\":\"\",\"publisher\":{\"@id\":\"https:\\\/\\\/xn--archoskol-e4a.fr\\\/#\\\/schema\\\/person\\\/a5f3d7cb465fefee3f8d0a30c75066b3\"},\"potentialAction\":[{\"@type\":\"SearchAction\",\"target\":{\"@type\":\"EntryPoint\",\"urlTemplate\":\"https:\\\/\\\/xn--archoskol-e4a.fr\\\/?s={search_term_string}\"},\"query-input\":{\"@type\":\"PropertyValueSpecification\",\"valueRequired\":true,\"valueName\":\"search_term_string\"}}],\"inLanguage\":\"fr-FR\"},{\"@type\":[\"Person\",\"Organization\"],\"@id\":\"https:\\\/\\\/xn--archoskol-e4a.fr\\\/#\\\/schema\\\/person\\\/a5f3d7cb465fefee3f8d0a30c75066b3\",\"name\":\"archeoskol\",\"image\":{\"@type\":\"ImageObject\",\"inLanguage\":\"fr-FR\",\"@id\":\"https:\\\/\\\/xn--archoskol-e4a.fr\\\/wp-content\\\/uploads\\\/2023\\\/09\\\/Logo-01.png\",\"url\":\"https:\\\/\\\/xn--archoskol-e4a.fr\\\/wp-content\\\/uploads\\\/2023\\\/09\\\/Logo-01.png\",\"contentUrl\":\"https:\\\/\\\/xn--archoskol-e4a.fr\\\/wp-content\\\/uploads\\\/2023\\\/09\\\/Logo-01.png\",\"width\":1100,\"height\":293,\"caption\":\"archeoskol\"},\"logo\":{\"@id\":\"https:\\\/\\\/xn--archoskol-e4a.fr\\\/wp-content\\\/uploads\\\/2023\\\/09\\\/Logo-01.png\"},\"description\":\"Arch\u00e9ologue de formation, je propose des ateliers p\u00e9dagogiques sur les th\u00e8mes de l'arch\u00e9ologie et de la pal\u00e9ontologie.\",\"sameAs\":[\"https:\\\/\\\/xn--archoskol-e4a.fr\"]}]}<\/script>\n<!-- \/ Yoast SEO plugin. -->","yoast_head_json":{"title":"Ateliers propos\u00e9s - Arch\u00e9oskol","robots":{"index":"index","follow":"follow","max-snippet":"max-snippet:-1","max-image-preview":"max-image-preview:large","max-video-preview":"max-video-preview:-1"},"canonical":"https:\/\/xn--archoskol-e4a.fr\/index.php\/ateliers-proposes\/","og_locale":"fr_FR","og_type":"article","og_title":"Ateliers propos\u00e9s - Arch\u00e9oskol","og_description":"Objectifs p\u00e9dagogiques : &nbsp;&nbsp;&nbsp;&nbsp;&nbsp;&nbsp;&nbsp;&nbsp;&nbsp;&nbsp;&nbsp;&nbsp;&nbsp;&nbsp;&nbsp;&nbsp;&nbsp;&nbsp;&nbsp;&nbsp;&nbsp;&nbsp;&nbsp;&nbsp;&nbsp;&nbsp;&nbsp;&nbsp;&nbsp;&nbsp;&nbsp;&nbsp;&nbsp;&nbsp;&nbsp;&nbsp;&nbsp;&nbsp;&nbsp;&nbsp;&nbsp;&nbsp;&nbsp;&nbsp;&nbsp;&nbsp;&nbsp;&nbsp;&nbsp;&nbsp;&nbsp;&nbsp;&nbsp;&nbsp;&nbsp;&nbsp;&nbsp;&nbsp; &nbsp;&#8211; d\u00e9couvrir la Pr\u00e9histoire, l\u2019Antiquit\u00e9 ou le Moyen \u00c2ge par le biais de l\u2019arch\u00e9ologie &nbsp;&nbsp;&nbsp;&nbsp;&nbsp;&nbsp;&nbsp;&nbsp;&nbsp;&nbsp;&nbsp;&nbsp;&nbsp;&nbsp;&nbsp;&nbsp;&nbsp;&nbsp;&nbsp;&nbsp;&nbsp;&nbsp;&nbsp;&nbsp;&nbsp;&nbsp;&nbsp;&nbsp;&nbsp;&nbsp;&nbsp;&nbsp;&nbsp;&nbsp;&nbsp;&nbsp;&nbsp;&nbsp;&nbsp;&nbsp;&nbsp;&nbsp;&nbsp;&nbsp;&nbsp;&nbsp;&nbsp;&nbsp;&nbsp;&nbsp;&nbsp;&nbsp;&nbsp;&nbsp;&nbsp;&nbsp;&nbsp;&nbsp; &nbsp;&#8211; d\u00e9velopper la curiosit\u00e9, l\u2019envie de d\u00e9couvrir, de chercher &nbsp;&nbsp;&nbsp;&nbsp;&nbsp;&nbsp;&nbsp;&nbsp;&nbsp;&nbsp;&nbsp;&nbsp;&nbsp;&nbsp;&nbsp;&nbsp;&nbsp;&nbsp;&nbsp;&nbsp;&nbsp;&nbsp;&nbsp;&nbsp;&nbsp;&nbsp;&nbsp;&nbsp;&nbsp;&nbsp;&nbsp;&nbsp;&nbsp;&nbsp;&nbsp;&nbsp;&nbsp;&nbsp;&nbsp;&nbsp;&nbsp;&nbsp;&nbsp;&nbsp;&nbsp;&nbsp;&nbsp;&nbsp;&nbsp;&nbsp;&nbsp;&nbsp;&nbsp;&nbsp;&nbsp;&nbsp;&nbsp;&nbsp; &nbsp;&#8211; [&hellip;]","og_url":"https:\/\/xn--archoskol-e4a.fr\/index.php\/ateliers-proposes\/","og_site_name":"Arch\u00e9oskol","article_modified_time":"2023-09-29T15:59:07+00:00","og_image":[{"width":2560,"height":1686,"url":"https:\/\/xn--archoskol-e4a.fr\/wp-content\/uploads\/2023\/09\/Installation-05-1-scaled.jpg","type":"image\/jpeg"}],"twitter_card":"summary_large_image","twitter_misc":{"Dur\u00e9e de lecture estim\u00e9e":"12 minutes"},"schema":{"@context":"https:\/\/schema.org","@graph":[{"@type":"WebPage","@id":"https:\/\/xn--archoskol-e4a.fr\/index.php\/ateliers-proposes\/","url":"https:\/\/xn--archoskol-e4a.fr\/index.php\/ateliers-proposes\/","name":"Ateliers propos\u00e9s - Arch\u00e9oskol","isPartOf":{"@id":"https:\/\/xn--archoskol-e4a.fr\/#website"},"primaryImageOfPage":{"@id":"https:\/\/xn--archoskol-e4a.fr\/index.php\/ateliers-proposes\/#primaryimage"},"image":{"@id":"https:\/\/xn--archoskol-e4a.fr\/index.php\/ateliers-proposes\/#primaryimage"},"thumbnailUrl":"https:\/\/xn--archoskol-e4a.fr\/wp-content\/uploads\/2023\/09\/Installation-05-1-scaled.jpg","datePublished":"2023-09-19T13:52:22+00:00","dateModified":"2023-09-29T15:59:07+00:00","breadcrumb":{"@id":"https:\/\/xn--archoskol-e4a.fr\/index.php\/ateliers-proposes\/#breadcrumb"},"inLanguage":"fr-FR","potentialAction":[{"@type":"ReadAction","target":["https:\/\/xn--archoskol-e4a.fr\/index.php\/ateliers-proposes\/"]}]},{"@type":"ImageObject","inLanguage":"fr-FR","@id":"https:\/\/xn--archoskol-e4a.fr\/index.php\/ateliers-proposes\/#primaryimage","url":"https:\/\/xn--archoskol-e4a.fr\/wp-content\/uploads\/2023\/09\/Installation-05-1-scaled.jpg","contentUrl":"https:\/\/xn--archoskol-e4a.fr\/wp-content\/uploads\/2023\/09\/Installation-05-1-scaled.jpg","width":2560,"height":1686},{"@type":"BreadcrumbList","@id":"https:\/\/xn--archoskol-e4a.fr\/index.php\/ateliers-proposes\/#breadcrumb","itemListElement":[{"@type":"ListItem","position":1,"name":"Accueil","item":"https:\/\/xn--archoskol-e4a.fr\/"},{"@type":"ListItem","position":2,"name":"Ateliers propos\u00e9s"}]},{"@type":"WebSite","@id":"https:\/\/xn--archoskol-e4a.fr\/#website","url":"https:\/\/xn--archoskol-e4a.fr\/","name":"Arch\u00e9oskol","description":"","publisher":{"@id":"https:\/\/xn--archoskol-e4a.fr\/#\/schema\/person\/a5f3d7cb465fefee3f8d0a30c75066b3"},"potentialAction":[{"@type":"SearchAction","target":{"@type":"EntryPoint","urlTemplate":"https:\/\/xn--archoskol-e4a.fr\/?s={search_term_string}"},"query-input":{"@type":"PropertyValueSpecification","valueRequired":true,"valueName":"search_term_string"}}],"inLanguage":"fr-FR"},{"@type":["Person","Organization"],"@id":"https:\/\/xn--archoskol-e4a.fr\/#\/schema\/person\/a5f3d7cb465fefee3f8d0a30c75066b3","name":"archeoskol","image":{"@type":"ImageObject","inLanguage":"fr-FR","@id":"https:\/\/xn--archoskol-e4a.fr\/wp-content\/uploads\/2023\/09\/Logo-01.png","url":"https:\/\/xn--archoskol-e4a.fr\/wp-content\/uploads\/2023\/09\/Logo-01.png","contentUrl":"https:\/\/xn--archoskol-e4a.fr\/wp-content\/uploads\/2023\/09\/Logo-01.png","width":1100,"height":293,"caption":"archeoskol"},"logo":{"@id":"https:\/\/xn--archoskol-e4a.fr\/wp-content\/uploads\/2023\/09\/Logo-01.png"},"description":"Arch\u00e9ologue de formation, je propose des ateliers p\u00e9dagogiques sur les th\u00e8mes de l'arch\u00e9ologie et de la pal\u00e9ontologie.","sameAs":["https:\/\/xn--archoskol-e4a.fr"]}]}},"_links":{"self":[{"href":"https:\/\/xn--archoskol-e4a.fr\/index.php\/wp-json\/wp\/v2\/pages\/151","targetHints":{"allow":["GET"]}}],"collection":[{"href":"https:\/\/xn--archoskol-e4a.fr\/index.php\/wp-json\/wp\/v2\/pages"}],"about":[{"href":"https:\/\/xn--archoskol-e4a.fr\/index.php\/wp-json\/wp\/v2\/types\/page"}],"author":[{"embeddable":true,"href":"https:\/\/xn--archoskol-e4a.fr\/index.php\/wp-json\/wp\/v2\/users\/1"}],"replies":[{"embeddable":true,"href":"https:\/\/xn--archoskol-e4a.fr\/index.php\/wp-json\/wp\/v2\/comments?post=151"}],"version-history":[{"count":20,"href":"https:\/\/xn--archoskol-e4a.fr\/index.php\/wp-json\/wp\/v2\/pages\/151\/revisions"}],"predecessor-version":[{"id":337,"href":"https:\/\/xn--archoskol-e4a.fr\/index.php\/wp-json\/wp\/v2\/pages\/151\/revisions\/337"}],"wp:featuredmedia":[{"embeddable":true,"href":"https:\/\/xn--archoskol-e4a.fr\/index.php\/wp-json\/wp\/v2\/media\/256"}],"wp:attachment":[{"href":"https:\/\/xn--archoskol-e4a.fr\/index.php\/wp-json\/wp\/v2\/media?parent=151"}],"curies":[{"name":"wp","href":"https:\/\/api.w.org\/{rel}","templated":true}]}}